{"id":3750,"date":"2023-05-03T15:15:36","date_gmt":"2023-05-03T13:15:36","guid":{"rendered":"https:\/\/centriair.hemhosting.se\/products\/activated-carbon-filters\/"},"modified":"2026-03-24T17:22:38","modified_gmt":"2026-03-24T16:22:38","slug":"kolfilter-filter-for-aktivt-kol","status":"publish","type":"page","link":"https:\/\/centriair.com\/sv\/industriell-luktrening-produkter\/kolfilter-filter-for-aktivt-kol\/","title":{"rendered":"Kolfilter\/Filter f\u00f6r aktivt kol"},"content":{"rendered":"\t\t<div data-elementor-type=\"wp-page\" data-elementor-id=\"3750\" class=\"elementor elementor-3750 elementor-1726\" data-elementor-post-type=\"page\">\n\t\t\t\t<div class=\"elementor-element elementor-element-444ee06 e-flex e-con-boxed e-con e-parent\" data-id=\"444ee06\" data-element_type=\"container\">\n\t\t\t\t\t<div class=\"e-con-inner\">\n\t\t\t\t\t<\/div>\n\t\t\t\t<\/div>\n\t\t<div class=\"elementor-element elementor-element-6364e63 e-flex e-con-boxed e-con e-parent\" data-id=\"6364e63\" data-element_type=\"container\">\n\t\t\t\t\t<div class=\"e-con-inner\">\n\t\t<div class=\"elementor-element elementor-element-52067a7 e-con-full e-flex e-con e-child\" data-id=\"52067a7\" data-element_type=\"container\">\n\t\t\t\t<div class=\"elementor-element elementor-element-9653a94 elementor-widget elementor-widget-text-editor\" data-id=\"9653a94\" data-element_type=\"widget\" data-widget_type=\"text-editor.default\">\n\t\t\t\t<div class=\"elementor-widget-container\">\n\t\t\t\t\t\t\t\t\t<p data-start=\"28\" data-end=\"245\">Ett modul\u00e4rt aktivkolsfilter med tv\u00e5 b\u00e4ddar \u00e4r en effektiv l\u00f6sning f\u00f6r att ta bort gasformiga f\u00f6roreningar. Aktivkol \u00e4r ett por\u00f6st material med stor yta som kan absorbera f\u00f6roreningar fr\u00e5n luft eller gasfl\u00f6de.<\/p><p data-start=\"247\" data-end=\"520\">Genom att anv\u00e4nda tv\u00e5 b\u00e4ddar i filtret f\u00e5r man flera f\u00f6rdelar. F\u00f6r det f\u00f6rsta g\u00f6r det det m\u00f6jligt att rena gasfl\u00f6det kontinuerligt, eftersom en b\u00e4dd \u00e4r aktiv medan den andra regenereras. Detta s\u00e4kerst\u00e4ller oavbruten drift och effektiv borttagning av f\u00f6roreningar.<\/p><p data-start=\"522\" data-end=\"772\">En annan f\u00f6rdel \u00e4r att filtret med tv\u00e5 b\u00e4ddar har ett mycket l\u00e5gt tryckfall. Det inneb\u00e4r att luft- eller gasfl\u00f6det p\u00e5verkas minimalt, vilket leder till b\u00e4ttre fl\u00f6deshastighet och l\u00e4gre energikostnader.<\/p><p data-start=\"774\" data-end=\"891\">Filtermodulariteten g\u00f6r det ocks\u00e5 enkelt att anpassa det efter specifika behov och utrymmeskrav f\u00f6r olika applikationer<\/p><p data-start=\"893\" data-end=\"970\"><strong data-start=\"893\" data-end=\"920\">Tillg\u00e4ngliga storlekar:<\/strong><br data-start=\"920\" data-end=\"923\" \/>2\u00d71 \u2013 2\u00d72 \u2013 2\u00d73 \u2013 2\u00d74 \u2013 2\u00d75 \u2013 2\u00d76 \u2013 2\u00d77 \u2013 2\u00d78 \u2013 2\u00d79 \u2013 2\u00d710<\/p>\t\t\t\t\t\t\t\t<\/div>\n\t\t\t\t<\/div>\n\t\t\t\t<\/div>\n\t\t<div class=\"elementor-element elementor-element-adc160d e-con-full e-flex e-con e-child\" data-id=\"adc160d\" data-element_type=\"container\">\n\t\t\t\t<div class=\"elementor-element elementor-element-c7a21bf elementor-widget elementor-widget-image\" data-id=\"c7a21bf\" data-element_type=\"widget\" data-widget_type=\"image.default\">\n\t\t\t\t<div class=\"elementor-widget-container\">\n\t\t\t\t\t\t\t\t\t\t\t\t\t\t\t<img fetchpriority=\"high\" decoding=\"async\" width=\"768\" height=\"512\" src=\"https:\/\/centriair.com\/wp-content\/uploads\/2023\/05\/Centriair-installation_1-768x512.jpg\" class=\"attachment-medium_large size-medium_large wp-image-3190\" alt=\"\" srcset=\"https:\/\/centriair.com\/wp-content\/uploads\/2023\/05\/Centriair-installation_1-768x512.jpg 768w, https:\/\/centriair.com\/wp-content\/uploads\/2023\/05\/Centriair-installation_1-300x200.jpg 300w, https:\/\/centriair.com\/wp-content\/uploads\/2023\/05\/Centriair-installation_1-1024x682.jpg 1024w, https:\/\/centriair.com\/wp-content\/uploads\/2023\/05\/Centriair-installation_1.jpg 1136w\" sizes=\"(max-width: 768px) 100vw, 768px\" \/>\t\t\t\t\t\t\t\t\t\t\t\t\t\t\t<\/div>\n\t\t\t\t<\/div>\n\t\t\t\t<\/div>\n\t\t\t\t\t<\/div>\n\t\t\t\t<\/div>\n\t\t\t\t<\/div>\n\t\t","protected":false},"excerpt":{"rendered":"<p>Ett modul\u00e4rt aktivkolsfilter med tv\u00e5 b\u00e4ddar \u00e4r en effektiv l\u00f6sning f\u00f6r att ta bort gasformiga f\u00f6roreningar. Aktivkol \u00e4r ett por\u00f6st material med stor yta som kan absorbera f\u00f6roreningar fr\u00e5n luft eller gasfl\u00f6de. Genom att anv\u00e4nda tv\u00e5 b\u00e4ddar i filtret f\u00e5r man flera f\u00f6rdelar. F\u00f6r det f\u00f6rsta g\u00f6r det det m\u00f6jligt att rena gasfl\u00f6det kontinuerligt, eftersom [&hellip;]<\/p>\n","protected":false},"author":1,"featured_media":0,"parent":3745,"menu_order":0,"comment_status":"closed","ping_status":"closed","template":"","meta":{"_acf_changed":false,"footnotes":""},"class_list":["post-3750","page","type-page","status-publish","hentry"],"acf":[],"yoast_head":"<!-- This site is optimized with the Yoast SEO plugin v26.8 - https:\/\/yoast.com\/product\/yoast-seo-wordpress\/ -->\n<title>Kolfilter\/Filter f\u00f6r aktivt kol - We are Centriair<\/title>\n<meta name=\"description\" content=\"Kolfilter optimerade och anpassade f\u00f6r industriell luktrening inom Biogas, avlopp, avfall och livsmedel. Ta g\u00e4rna kontakt f\u00f6r mer info.\" \/>\n<meta name=\"robots\" content=\"index, follow, max-snippet:-1, max-image-preview:large, max-video-preview:-1\" \/>\n<link rel=\"canonical\" href=\"https:\/\/centriair.com\/sv\/industriell-luktrening-produkter\/kolfilter-filter-for-aktivt-kol\/\" \/>\n<meta property=\"og:locale\" content=\"sv_SE\" \/>\n<meta property=\"og:type\" content=\"article\" \/>\n<meta property=\"og:title\" content=\"Kolfilter\/Filter f\u00f6r aktivt kol - We are Centriair\" \/>\n<meta property=\"og:description\" content=\"Kolfilter optimerade och anpassade f\u00f6r industriell luktrening inom Biogas, avlopp, avfall och livsmedel. Ta g\u00e4rna kontakt f\u00f6r mer info.\" \/>\n<meta property=\"og:url\" content=\"https:\/\/centriair.com\/sv\/industriell-luktrening-produkter\/kolfilter-filter-for-aktivt-kol\/\" \/>\n<meta property=\"og:site_name\" content=\"We are Centriair\" \/>\n<meta property=\"article:modified_time\" content=\"2026-03-24T16:22:38+00:00\" \/>\n<meta property=\"og:image\" content=\"https:\/\/centriair.com\/wp-content\/uploads\/2023\/05\/Centriair-installation_1.jpg\" \/>\n\t<meta property=\"og:image:width\" content=\"1136\" \/>\n\t<meta property=\"og:image:height\" content=\"757\" \/>\n\t<meta property=\"og:image:type\" content=\"image\/jpeg\" \/>\n<meta name=\"twitter:card\" content=\"summary_large_image\" \/>\n<meta name=\"twitter:label1\" content=\"Ber\u00e4knad l\u00e4stid\" \/>\n\t<meta name=\"twitter:data1\" content=\"1 minut\" \/>\n<script type=\"application\/ld+json\" class=\"yoast-schema-graph\">{\"@context\":\"https:\/\/schema.org\",\"@graph\":[{\"@type\":\"WebPage\",\"@id\":\"https:\/\/centriair.com\/sv\/industriell-luktrening-produkter\/kolfilter-filter-for-aktivt-kol\/\",\"url\":\"https:\/\/centriair.com\/sv\/industriell-luktrening-produkter\/kolfilter-filter-for-aktivt-kol\/\",\"name\":\"Kolfilter\/Filter f\u00f6r aktivt kol - We are Centriair\",\"isPartOf\":{\"@id\":\"https:\/\/centriair.com\/sv\/#website\"},\"primaryImageOfPage\":{\"@id\":\"https:\/\/centriair.com\/sv\/industriell-luktrening-produkter\/kolfilter-filter-for-aktivt-kol\/#primaryimage\"},\"image\":{\"@id\":\"https:\/\/centriair.com\/sv\/industriell-luktrening-produkter\/kolfilter-filter-for-aktivt-kol\/#primaryimage\"},\"thumbnailUrl\":\"https:\/\/centriair.com\/wp-content\/uploads\/2023\/05\/Centriair-installation_1-768x512.jpg\",\"datePublished\":\"2023-05-03T13:15:36+00:00\",\"dateModified\":\"2026-03-24T16:22:38+00:00\",\"description\":\"Kolfilter optimerade och anpassade f\u00f6r industriell luktrening inom Biogas, avlopp, avfall och livsmedel. Ta g\u00e4rna kontakt f\u00f6r mer info.\",\"breadcrumb\":{\"@id\":\"https:\/\/centriair.com\/sv\/industriell-luktrening-produkter\/kolfilter-filter-for-aktivt-kol\/#breadcrumb\"},\"inLanguage\":\"sv-SE\",\"potentialAction\":[{\"@type\":\"ReadAction\",\"target\":[\"https:\/\/centriair.com\/sv\/industriell-luktrening-produkter\/kolfilter-filter-for-aktivt-kol\/\"]}]},{\"@type\":\"ImageObject\",\"inLanguage\":\"sv-SE\",\"@id\":\"https:\/\/centriair.com\/sv\/industriell-luktrening-produkter\/kolfilter-filter-for-aktivt-kol\/#primaryimage\",\"url\":\"https:\/\/centriair.com\/wp-content\/uploads\/2023\/05\/Centriair-installation_1-768x512.jpg\",\"contentUrl\":\"https:\/\/centriair.com\/wp-content\/uploads\/2023\/05\/Centriair-installation_1-768x512.jpg\"},{\"@type\":\"BreadcrumbList\",\"@id\":\"https:\/\/centriair.com\/sv\/industriell-luktrening-produkter\/kolfilter-filter-for-aktivt-kol\/#breadcrumb\",\"itemListElement\":[{\"@type\":\"ListItem\",\"position\":1,\"name\":\"Home\",\"item\":\"https:\/\/centriair.com\/sv\/\"},{\"@type\":\"ListItem\",\"position\":2,\"name\":\"Produkter\",\"item\":\"https:\/\/centriair.com\/sv\/industriell-luktrening-produkter\/\"},{\"@type\":\"ListItem\",\"position\":3,\"name\":\"Kolfilter\/Filter f\u00f6r aktivt kol\"}]},{\"@type\":\"WebSite\",\"@id\":\"https:\/\/centriair.com\/sv\/#website\",\"url\":\"https:\/\/centriair.com\/sv\/\",\"name\":\"Centriair\",\"description\":\"Cleaner air. Fewer resources.\",\"publisher\":{\"@id\":\"https:\/\/centriair.com\/sv\/#organization\"},\"potentialAction\":[{\"@type\":\"SearchAction\",\"target\":{\"@type\":\"EntryPoint\",\"urlTemplate\":\"https:\/\/centriair.com\/sv\/?s={search_term_string}\"},\"query-input\":{\"@type\":\"PropertyValueSpecification\",\"valueRequired\":true,\"valueName\":\"search_term_string\"}}],\"inLanguage\":\"sv-SE\"},{\"@type\":\"Organization\",\"@id\":\"https:\/\/centriair.com\/sv\/#organization\",\"name\":\"Centriair\",\"url\":\"https:\/\/centriair.com\/sv\/\",\"logo\":{\"@type\":\"ImageObject\",\"inLanguage\":\"sv-SE\",\"@id\":\"https:\/\/centriair.com\/sv\/#\/schema\/logo\/image\/\",\"url\":\"https:\/\/centriair.com\/wp-content\/uploads\/2022\/11\/Centriair_logo-blue.svg\",\"contentUrl\":\"https:\/\/centriair.com\/wp-content\/uploads\/2022\/11\/Centriair_logo-blue.svg\",\"width\":250,\"height\":65,\"caption\":\"Centriair\"},\"image\":{\"@id\":\"https:\/\/centriair.com\/sv\/#\/schema\/logo\/image\/\"}}]}<\/script>\n<!-- \/ Yoast SEO plugin. -->","yoast_head_json":{"title":"Kolfilter\/Filter f\u00f6r aktivt kol - We are Centriair","description":"Kolfilter optimerade och anpassade f\u00f6r industriell luktrening inom Biogas, avlopp, avfall och livsmedel. Ta g\u00e4rna kontakt f\u00f6r mer info.","robots":{"index":"index","follow":"follow","max-snippet":"max-snippet:-1","max-image-preview":"max-image-preview:large","max-video-preview":"max-video-preview:-1"},"canonical":"https:\/\/centriair.com\/sv\/industriell-luktrening-produkter\/kolfilter-filter-for-aktivt-kol\/","og_locale":"sv_SE","og_type":"article","og_title":"Kolfilter\/Filter f\u00f6r aktivt kol - We are Centriair","og_description":"Kolfilter optimerade och anpassade f\u00f6r industriell luktrening inom Biogas, avlopp, avfall och livsmedel. Ta g\u00e4rna kontakt f\u00f6r mer info.","og_url":"https:\/\/centriair.com\/sv\/industriell-luktrening-produkter\/kolfilter-filter-for-aktivt-kol\/","og_site_name":"We are Centriair","article_modified_time":"2026-03-24T16:22:38+00:00","og_image":[{"width":1136,"height":757,"url":"https:\/\/centriair.com\/wp-content\/uploads\/2023\/05\/Centriair-installation_1.jpg","type":"image\/jpeg"}],"twitter_card":"summary_large_image","twitter_misc":{"Ber\u00e4knad l\u00e4stid":"1 minut"},"schema":{"@context":"https:\/\/schema.org","@graph":[{"@type":"WebPage","@id":"https:\/\/centriair.com\/sv\/industriell-luktrening-produkter\/kolfilter-filter-for-aktivt-kol\/","url":"https:\/\/centriair.com\/sv\/industriell-luktrening-produkter\/kolfilter-filter-for-aktivt-kol\/","name":"Kolfilter\/Filter f\u00f6r aktivt kol - We are Centriair","isPartOf":{"@id":"https:\/\/centriair.com\/sv\/#website"},"primaryImageOfPage":{"@id":"https:\/\/centriair.com\/sv\/industriell-luktrening-produkter\/kolfilter-filter-for-aktivt-kol\/#primaryimage"},"image":{"@id":"https:\/\/centriair.com\/sv\/industriell-luktrening-produkter\/kolfilter-filter-for-aktivt-kol\/#primaryimage"},"thumbnailUrl":"https:\/\/centriair.com\/wp-content\/uploads\/2023\/05\/Centriair-installation_1-768x512.jpg","datePublished":"2023-05-03T13:15:36+00:00","dateModified":"2026-03-24T16:22:38+00:00","description":"Kolfilter optimerade och anpassade f\u00f6r industriell luktrening inom Biogas, avlopp, avfall och livsmedel. Ta g\u00e4rna kontakt f\u00f6r mer info.","breadcrumb":{"@id":"https:\/\/centriair.com\/sv\/industriell-luktrening-produkter\/kolfilter-filter-for-aktivt-kol\/#breadcrumb"},"inLanguage":"sv-SE","potentialAction":[{"@type":"ReadAction","target":["https:\/\/centriair.com\/sv\/industriell-luktrening-produkter\/kolfilter-filter-for-aktivt-kol\/"]}]},{"@type":"ImageObject","inLanguage":"sv-SE","@id":"https:\/\/centriair.com\/sv\/industriell-luktrening-produkter\/kolfilter-filter-for-aktivt-kol\/#primaryimage","url":"https:\/\/centriair.com\/wp-content\/uploads\/2023\/05\/Centriair-installation_1-768x512.jpg","contentUrl":"https:\/\/centriair.com\/wp-content\/uploads\/2023\/05\/Centriair-installation_1-768x512.jpg"},{"@type":"BreadcrumbList","@id":"https:\/\/centriair.com\/sv\/industriell-luktrening-produkter\/kolfilter-filter-for-aktivt-kol\/#breadcrumb","itemListElement":[{"@type":"ListItem","position":1,"name":"Home","item":"https:\/\/centriair.com\/sv\/"},{"@type":"ListItem","position":2,"name":"Produkter","item":"https:\/\/centriair.com\/sv\/industriell-luktrening-produkter\/"},{"@type":"ListItem","position":3,"name":"Kolfilter\/Filter f\u00f6r aktivt kol"}]},{"@type":"WebSite","@id":"https:\/\/centriair.com\/sv\/#website","url":"https:\/\/centriair.com\/sv\/","name":"Centriair","description":"Cleaner air. Fewer resources.","publisher":{"@id":"https:\/\/centriair.com\/sv\/#organization"},"potentialAction":[{"@type":"SearchAction","target":{"@type":"EntryPoint","urlTemplate":"https:\/\/centriair.com\/sv\/?s={search_term_string}"},"query-input":{"@type":"PropertyValueSpecification","valueRequired":true,"valueName":"search_term_string"}}],"inLanguage":"sv-SE"},{"@type":"Organization","@id":"https:\/\/centriair.com\/sv\/#organization","name":"Centriair","url":"https:\/\/centriair.com\/sv\/","logo":{"@type":"ImageObject","inLanguage":"sv-SE","@id":"https:\/\/centriair.com\/sv\/#\/schema\/logo\/image\/","url":"https:\/\/centriair.com\/wp-content\/uploads\/2022\/11\/Centriair_logo-blue.svg","contentUrl":"https:\/\/centriair.com\/wp-content\/uploads\/2022\/11\/Centriair_logo-blue.svg","width":250,"height":65,"caption":"Centriair"},"image":{"@id":"https:\/\/centriair.com\/sv\/#\/schema\/logo\/image\/"}}]}},"_links":{"self":[{"href":"https:\/\/centriair.com\/sv\/wp-json\/wp\/v2\/pages\/3750","targetHints":{"allow":["GET"]}}],"collection":[{"href":"https:\/\/centriair.com\/sv\/wp-json\/wp\/v2\/pages"}],"about":[{"href":"https:\/\/centriair.com\/sv\/wp-json\/wp\/v2\/types\/page"}],"author":[{"embeddable":true,"href":"https:\/\/centriair.com\/sv\/wp-json\/wp\/v2\/users\/1"}],"replies":[{"embeddable":true,"href":"https:\/\/centriair.com\/sv\/wp-json\/wp\/v2\/comments?post=3750"}],"version-history":[{"count":23,"href":"https:\/\/centriair.com\/sv\/wp-json\/wp\/v2\/pages\/3750\/revisions"}],"predecessor-version":[{"id":9664,"href":"https:\/\/centriair.com\/sv\/wp-json\/wp\/v2\/pages\/3750\/revisions\/9664"}],"up":[{"embeddable":true,"href":"https:\/\/centriair.com\/sv\/wp-json\/wp\/v2\/pages\/3745"}],"wp:attachment":[{"href":"https:\/\/centriair.com\/sv\/wp-json\/wp\/v2\/media?parent=3750"}],"curies":[{"name":"wp","href":"https:\/\/api.w.org\/{rel}","templated":true}]}}